{"id":576,"date":"2017-05-30T21:39:01","date_gmt":"2017-05-30T21:39:01","guid":{"rendered":"http:\/\/faunaautoctona.com\/web\/?page_id=576"},"modified":"2017-07-14T18:52:27","modified_gmt":"2017-07-14T18:52:27","slug":"feria","status":"publish","type":"page","link":"http:\/\/faunaautoctona.com\/web\/feria\/","title":{"rendered":"1\u00ba Feria Internacional de Exposici\u00f3n e Intercambio de Aves"},"content":{"rendered":"<p><img data-attachment-id=\"708\" data-permalink=\"http:\/\/faunaautoctona.com\/web\/feria\/0004-sin\/\" data-orig-file=\"https:\/\/i1.wp.com\/faunaautoctona.com\/web\/wp-content\/uploads\/2017\/05\/0004-sin.jpg?fit=3508%2C2481\" data-orig-size=\"3508,2481\" data-comments-opened=\"1\" data-image-meta=\"{&quot;aperture&quot;:&quot;0&quot;,&quot;credit&quot;:&quot;&quot;,&quot;camera&quot;:&quot;&quot;,&quot;caption&quot;:&quot;&quot;,&quot;created_timestamp&quot;:&quot;0&quot;,&quot;copyright&quot;:&quot;&quot;,&quot;focal_length&quot;:&quot;0&quot;,&quot;iso&quot;:&quot;0&quot;,&quot;shutter_speed&quot;:&quot;0&quot;,&quot;title&quot;:&quot;&quot;,&quot;orientation&quot;:&quot;1&quot;}\" data-image-title=\"0004-sin\" data-image-description=\"\" data-medium-file=\"https:\/\/i1.wp.com\/faunaautoctona.com\/web\/wp-content\/uploads\/2017\/05\/0004-sin.jpg?fit=300%2C212\" data-large-file=\"https:\/\/i1.wp.com\/faunaautoctona.com\/web\/wp-content\/uploads\/2017\/05\/0004-sin.jpg?fit=604%2C427\" loading=\"lazy\" class=\"alignleft wp-image-708 size-full\" src=\"https:\/\/i1.wp.com\/faunaautoctona.com\/web\/wp-content\/uploads\/2017\/05\/0004-sin.jpg?resize=604%2C427\" alt=\"\" width=\"604\" height=\"427\" srcset=\"https:\/\/i1.wp.com\/faunaautoctona.com\/web\/wp-content\/uploads\/2017\/05\/0004-sin.jpg?w=3508 3508w, https:\/\/i1.wp.com\/faunaautoctona.com\/web\/wp-content\/uploads\/2017\/05\/0004-sin.jpg?resize=300%2C212 300w, https:\/\/i1.wp.com\/faunaautoctona.com\/web\/wp-content\/uploads\/2017\/05\/0004-sin.jpg?resize=768%2C543 768w, https:\/\/i1.wp.com\/faunaautoctona.com\/web\/wp-content\/uploads\/2017\/05\/0004-sin.jpg?resize=1024%2C724 1024w, https:\/\/i1.wp.com\/faunaautoctona.com\/web\/wp-content\/uploads\/2017\/05\/0004-sin.jpg?w=1208 1208w, https:\/\/i1.wp.com\/faunaautoctona.com\/web\/wp-content\/uploads\/2017\/05\/0004-sin.jpg?w=1812 1812w\" sizes=\"(max-width: 604px) 100vw, 604px\" data-recalc-dims=\"1\" \/><img data-attachment-id=\"619\" data-permalink=\"http:\/\/faunaautoctona.com\/web\/feria\/feria-plano3\/\" data-orig-file=\"https:\/\/i2.wp.com\/faunaautoctona.com\/web\/wp-content\/uploads\/2017\/05\/feria-plano3.jpg?fit=1000%2C575\" data-orig-size=\"1000,575\" data-comments-opened=\"1\" data-image-meta=\"{&quot;aperture&quot;:&quot;0&quot;,&quot;credit&quot;:&quot;&quot;,&quot;camera&quot;:&quot;&quot;,&quot;caption&quot;:&quot;&quot;,&quot;created_timestamp&quot;:&quot;0&quot;,&quot;copyright&quot;:&quot;&quot;,&quot;focal_length&quot;:&quot;0&quot;,&quot;iso&quot;:&quot;0&quot;,&quot;shutter_speed&quot;:&quot;0&quot;,&quot;title&quot;:&quot;&quot;,&quot;orientation&quot;:&quot;1&quot;}\" data-image-title=\"feria-plano3\" data-image-description=\"\" data-medium-file=\"https:\/\/i2.wp.com\/faunaautoctona.com\/web\/wp-content\/uploads\/2017\/05\/feria-plano3.jpg?fit=300%2C173\" data-large-file=\"https:\/\/i2.wp.com\/faunaautoctona.com\/web\/wp-content\/uploads\/2017\/05\/feria-plano3.jpg?fit=604%2C347\" loading=\"lazy\" class=\"wp-image-619 size-full aligncenter\" src=\"https:\/\/i2.wp.com\/faunaautoctona.com\/web\/wp-content\/uploads\/2017\/05\/feria-plano3.jpg?resize=604%2C347\" alt=\"\" width=\"604\" height=\"347\" srcset=\"https:\/\/i2.wp.com\/faunaautoctona.com\/web\/wp-content\/uploads\/2017\/05\/feria-plano3.jpg?w=1000 1000w, https:\/\/i2.wp.com\/faunaautoctona.com\/web\/wp-content\/uploads\/2017\/05\/feria-plano3.jpg?resize=300%2C173 300w, https:\/\/i2.wp.com\/faunaautoctona.com\/web\/wp-content\/uploads\/2017\/05\/feria-plano3.jpg?resize=768%2C442 768w\" sizes=\"(max-width: 604px) 100vw, 604px\" data-recalc-dims=\"1\" \/><\/p>\n<p style=\"text-align: center;\"><strong>Stand Reservados<\/strong><\/p>\n<p style=\"text-align: center;\">1 y 2 &#8211; Canariz<\/p>\n<p style=\"text-align: center;\">9 &#8211; Omar marin (veterinario)<\/p>\n<p style=\"text-align: center;\">13 &#8211; Piucan\/Legazin<\/p>\n<p style=\"text-align: center;\"><strong>Mesas Reservadas<\/strong><\/p>\n<p style=\"text-align: center;\">1 &#8211; Jose berrio<\/p>\n<p style=\"text-align: center;\">11 &#8211; Irene Brull<\/p>\n<p style=\"text-align: center;\">34 &#8211; Barrachina<\/p>\n<p style=\"text-align: center;\"><strong><u>COMPOSICI\u00d3N Y NORMAS DE LA FERIA PARA GARANTIZAR SU DESARROLLO<\/u><\/strong><\/p>\n<p style=\"text-align: center;\"><strong><u>COMPOSICI\u00d3N<\/u><\/strong><\/p>\n<p>La feria estar\u00e1 compuesta de 44 mesas de 2 metros de largo por 0.80 de ancho y dos sillas.<\/p>\n<p>20 stands de 3 X 3 con mesas y sillas.<\/p>\n<p>Los stands podr\u00e1n ser reservados por firmas comerciales.<\/p>\n<p>Las mesas ser\u00e1n para el intercambio de aves.<\/p>\n<p style=\"text-align: center;\"><strong><u>NORMAS B\u00c1SICAS<\/u><\/strong><\/p>\n<p style=\"text-align: center;\"><strong><span style=\"color: #ff0000;\">Hasta nuevo aviso, y mientras se arreglan unos documentos que nos han solicitado de ultima hora, solo podr\u00e1n vender aves en la feria quien disponga de n\u00facleo zool\u00f3gico.<\/span><\/strong><\/p>\n<p>En la feria se podr\u00e1n exponer todas las especies de aves criadas en cautividad y que est\u00e9n autorizadas por las leyes vigentes: <strong>CANARIOS, H\u00cdBRIDOS, EX\u00d3TICOS, FAUNA MUTADA , PSIT\u00c1CIDOS.<\/strong><\/p>\n<p>Queda totalmente prohibida la entrada de <strong>AVES SILVESTRES <\/strong>al recinto ferial, tanto por expositores como por visitantes.<\/p>\n<p>No se permitir\u00e1 el acceso al recinto ferial con p\u00e1jaros que no hayan sido adquiridos en la feria o sean para exponer.<\/p>\n<p>La organizaci\u00f3n tiene contratado un seguro civil y servicio de vigilancia.<\/p>\n<p style=\"text-align: center;\"><strong><u>FECHA L\u00cdMITE PARA EFECTUAR LAS RESERVAS<\/u><\/strong><\/p>\n<p>Hasta el 25 de Agosto de 2017<\/p>\n<p>Para mas informaci\u00f3n:<\/p>\n<p><strong>\u00a0Sr. Ismael\u00a0 Tlf: +34 625692530<\/strong><strong>\u00a0 \u00a0 \u00a0 \u00a0 \u00a0 \u00a0 \u00a0 \u00a0 \u00a0 \u00a0 \u00a0 \u00a0 \u00a0 \u00a0 \u00a0 \u00a0 \u00a0 \u00a0 \u00a0 \u00a0 \u00a0 \u00a0<img data-attachment-id=\"596\" data-permalink=\"http:\/\/faunaautoctona.com\/web\/feria\/descarga-2\/\" data-orig-file=\"https:\/\/i0.wp.com\/faunaautoctona.com\/web\/wp-content\/uploads\/2017\/05\/descarga-2.jpg?fit=589%2C420\" data-orig-size=\"589,420\" data-comments-opened=\"1\" data-image-meta=\"{&quot;aperture&quot;:&quot;0&quot;,&quot;credit&quot;:&quot;&quot;,&quot;camera&quot;:&quot;&quot;,&quot;caption&quot;:&quot;&quot;,&quot;created_timestamp&quot;:&quot;0&quot;,&quot;copyright&quot;:&quot;&quot;,&quot;focal_length&quot;:&quot;0&quot;,&quot;iso&quot;:&quot;0&quot;,&quot;shutter_speed&quot;:&quot;0&quot;,&quot;title&quot;:&quot;&quot;,&quot;orientation&quot;:&quot;0&quot;}\" data-image-title=\"descarga (2)\" data-image-description=\"\" data-medium-file=\"https:\/\/i0.wp.com\/faunaautoctona.com\/web\/wp-content\/uploads\/2017\/05\/descarga-2.jpg?fit=300%2C214\" data-large-file=\"https:\/\/i0.wp.com\/faunaautoctona.com\/web\/wp-content\/uploads\/2017\/05\/descarga-2.jpg?fit=589%2C420\" loading=\"lazy\" class=\"wp-image-596 alignright\" src=\"https:\/\/i0.wp.com\/faunaautoctona.com\/web\/wp-content\/uploads\/2017\/05\/descarga-2.jpg?resize=216%2C154\" alt=\"\" width=\"216\" height=\"154\" srcset=\"https:\/\/i0.wp.com\/faunaautoctona.com\/web\/wp-content\/uploads\/2017\/05\/descarga-2.jpg?w=589 589w, https:\/\/i0.wp.com\/faunaautoctona.com\/web\/wp-content\/uploads\/2017\/05\/descarga-2.jpg?resize=300%2C214 300w\" sizes=\"(max-width: 216px) 100vw, 216px\" data-recalc-dims=\"1\" \/><\/strong><\/p>\n<p><strong>Sr. Pep\u00a0 Tlf: +34 659235872<\/strong><\/p>\n<p><strong>Sr. Fernando\u00a0 Tlf: +34 600426215<\/strong><\/p>\n<p><strong>web: <a href=\"http:\/\/www.Faunaautoctona.com\/web\/feria\">http:\/\/www.Faunaautoctona.com\/web\/feria<\/a>\u00a0 \u00a0<\/strong><\/p>\n<p><strong>Email: <a href=\"mailto:feria@faunaautoctona.com\">feria@faunaautoctona.com<\/a><\/strong><\/p>\n<p style=\"text-align: center;\"><strong><u>CALENDARIO DE LA FERIA<\/u><\/strong><\/p>\n<p>Los expositores podr\u00e1n acondicionar su stand o mesa, el viernes 8 de Septiembre desde las 14 hasta las 21 horas.<\/p>\n<p style=\"text-align: center;\"><strong>INAUGURACI\u00d3N Y APERTURA AL P\u00daBLICO<\/strong><\/p>\n<p>S\u00e1bado 9 de septiembre desde las 9 horas hasta las 20 horas.<\/p>\n<p style=\"text-align: center;\"><strong><u>RESERVAS DE STAND Y MESAS<\/u><\/strong><\/p>\n<p>A cada mesa se le otorgar\u00e1n 12 jaulas para exponer las aves de intercambio y una estanter\u00eda, solo se podr\u00e1 exponer en ellas las aves, pudiendo rellenarlas o reponerlas.<\/p>\n<p>Una mesa podr\u00e1 ser reservada por:<\/p>\n<p>M\u00ednimo un criador y m\u00e1ximo 2 criadores.<\/p>\n<p>La adjudicaci\u00f3n de<strong> STANDS Y MESAS<\/strong> se efectuar\u00e1 por riguroso orden de reserva y previo pago del importe establecido por la organizaci\u00f3n ingreso: <strong>SOCIEDAD FAUNA AUTOCTONA <\/strong>n\u00famero de cuenta: <strong>\u00a0ES83\u00a0 2100 1282 2902 0018 4921 <\/strong>remitiendo comprobante a <a href=\"mailto:feria@faunaautoctona.com\">feria@faunaautoctona.com<\/a><\/p>\n<p style=\"text-align: center;\"><strong>PRECIOS ESTABLECIDOS<\/strong><\/p>\n<p>STAND 3 X 3: 200 EUROS<\/p>\n<p>MESA: 40 EUROS<\/p>\n<p>ENTRADA AL RECINTO: 1 EURO.<\/p>\n<p><a href=\"https:\/\/chat.whatsapp.com\/I9YShhgiaTTAe5BKEYJP6b\">whatsApp informaci\u00f3n Feria<\/a><\/p>\n<p><a href=\"https:\/\/www.dropbox.com\/s\/xbd8q6a5i6hwxnj\/feria.pdf?dl=0\">descargar documento<\/a><\/p>\n<p>&nbsp;<\/p>\n<p>&nbsp;<\/p>\n","protected":false},"excerpt":{"rendered":"<p>Stand Reservados 1 y 2 &#8211; Canariz 9 &#8211; Omar marin (veterinario) 13 &#8211; Piucan\/Legazin Mesas Reservadas 1 &#8211; Jose berrio 11 &#8211; Irene Brull 34 &#8211; Barrachina COMPOSICI\u00d3N Y NORMAS DE LA FERIA PARA GARANTIZAR SU DESARROLLO COMPOSICI\u00d3N La feria estar\u00e1 compuesta de 44 mesas de 2 metros de largo por 0.80 de ancho &hellip; <a href=\"http:\/\/faunaautoctona.com\/web\/feria\/\" class=\"more-link\">Seguir leyendo <span class=\"screen-reader-text\">1\u00ba Feria Internacional de Exposici\u00f3n e Intercambio de Aves<\/span> <span class=\"meta-nav\">&rarr;<\/span><\/a><\/p>\n","protected":false},"author":1,"featured_media":0,"parent":0,"menu_order":0,"comment_status":"closed","ping_status":"closed","template":"","meta":{"spay_email":""},"yoast_head":"<!-- This site is optimized with the Yoast SEO plugin v14.9 - https:\/\/yoast.com\/wordpress\/plugins\/seo\/ -->\n<meta name=\"robots\" content=\"index, follow, max-snippet:-1, max-image-preview:large, max-video-preview:-1\" \/>\n<link rel=\"canonical\" href=\"http:\/\/faunaautoctona.com\/web\/feria\/\" \/>\n<meta property=\"og:locale\" content=\"es_ES\" \/>\n<meta property=\"og:type\" content=\"article\" \/>\n<meta property=\"og:title\" content=\"1\u00ba Feria Internacional de Exposici\u00f3n e Intercambio de Aves - My CMS\" \/>\n<meta property=\"og:description\" content=\"Stand Reservados 1 y 2 &#8211; Canariz 9 &#8211; Omar marin (veterinario) 13 &#8211; Piucan\/Legazin Mesas Reservadas 1 &#8211; Jose berrio 11 &#8211; Irene Brull 34 &#8211; Barrachina COMPOSICI\u00d3N Y NORMAS DE LA FERIA PARA GARANTIZAR SU DESARROLLO COMPOSICI\u00d3N La feria estar\u00e1 compuesta de 44 mesas de 2 metros de largo por 0.80 de ancho &hellip; Seguir leyendo 1\u00ba Feria Internacional de Exposici\u00f3n e Intercambio de Aves &rarr;\" \/>\n<meta property=\"og:url\" content=\"http:\/\/faunaautoctona.com\/web\/feria\/\" \/>\n<meta property=\"og:site_name\" content=\"My CMS\" \/>\n<meta property=\"article:publisher\" content=\"https:\/\/www.facebook.com\/groups\/1798967427016765\/?fref=nf\" \/>\n<meta property=\"article:modified_time\" content=\"2017-07-14T18:52:27+00:00\" \/>\n<meta property=\"og:image\" content=\"http:\/\/faunaautoctona.com\/web\/wp-content\/uploads\/2017\/05\/0004-sin.jpg\" \/>\n<meta name=\"twitter:card\" content=\"summary\" \/>\n<script type=\"application\/ld+json\" class=\"yoast-schema-graph\">{\"@context\":\"https:\/\/schema.org\",\"@graph\":[{\"@type\":\"WebSite\",\"@id\":\"http:\/\/faunaautoctona.com\/web\/#website\",\"url\":\"http:\/\/faunaautoctona.com\/web\/\",\"name\":\"My CMS\",\"description\":\"Tu Sociedad\",\"potentialAction\":[{\"@type\":\"SearchAction\",\"target\":\"http:\/\/faunaautoctona.com\/web\/?s={search_term_string}\",\"query-input\":\"required name=search_term_string\"}],\"inLanguage\":\"es\"},{\"@type\":\"ImageObject\",\"@id\":\"http:\/\/faunaautoctona.com\/web\/feria\/#primaryimage\",\"inLanguage\":\"es\",\"url\":\"https:\/\/i1.wp.com\/faunaautoctona.com\/web\/wp-content\/uploads\/2017\/05\/0004-sin.jpg?fit=3508%2C2481\",\"width\":3508,\"height\":2481},{\"@type\":\"WebPage\",\"@id\":\"http:\/\/faunaautoctona.com\/web\/feria\/#webpage\",\"url\":\"http:\/\/faunaautoctona.com\/web\/feria\/\",\"name\":\"1\\u00ba Feria Internacional de Exposici\\u00f3n e Intercambio de Aves - My CMS\",\"isPartOf\":{\"@id\":\"http:\/\/faunaautoctona.com\/web\/#website\"},\"primaryImageOfPage\":{\"@id\":\"http:\/\/faunaautoctona.com\/web\/feria\/#primaryimage\"},\"datePublished\":\"2017-05-30T21:39:01+00:00\",\"dateModified\":\"2017-07-14T18:52:27+00:00\",\"inLanguage\":\"es\",\"potentialAction\":[{\"@type\":\"ReadAction\",\"target\":[\"http:\/\/faunaautoctona.com\/web\/feria\/\"]}]}]}<\/script>\n<!-- \/ Yoast SEO plugin. -->","jetpack_sharing_enabled":true,"jetpack_shortlink":"https:\/\/wp.me\/P8t81g-9i","jetpack-related-posts":[],"_links":{"self":[{"href":"http:\/\/faunaautoctona.com\/web\/wp-json\/wp\/v2\/pages\/576"}],"collection":[{"href":"http:\/\/faunaautoctona.com\/web\/wp-json\/wp\/v2\/pages"}],"about":[{"href":"http:\/\/faunaautoctona.com\/web\/wp-json\/wp\/v2\/types\/page"}],"author":[{"embeddable":true,"href":"http:\/\/faunaautoctona.com\/web\/wp-json\/wp\/v2\/users\/1"}],"replies":[{"embeddable":true,"href":"http:\/\/faunaautoctona.com\/web\/wp-json\/wp\/v2\/comments?post=576"}],"version-history":[{"count":27,"href":"http:\/\/faunaautoctona.com\/web\/wp-json\/wp\/v2\/pages\/576\/revisions"}],"predecessor-version":[{"id":710,"href":"http:\/\/faunaautoctona.com\/web\/wp-json\/wp\/v2\/pages\/576\/revisions\/710"}],"wp:attachment":[{"href":"http:\/\/faunaautoctona.com\/web\/wp-json\/wp\/v2\/media?parent=576"}],"curies":[{"name":"wp","href":"https:\/\/api.w.org\/{rel}","templated":true}]}}